{"id":28,"date":"2019-07-27T13:44:42","date_gmt":"2019-07-27T10:44:42","guid":{"rendered":"http:\/\/citcitfiyatlari.net\/?page_id=28"},"modified":"2019-08-27T18:09:27","modified_gmt":"2019-08-27T15:09:27","slug":"cit-cit","status":"publish","type":"page","link":"http:\/\/citcitfiyatlari.net\/index.php\/cit-cit\/","title":{"rendered":"\u00c7\u0131t \u00c7\u0131t"},"content":{"rendered":"\n<h2 class=\"wp-block-heading\"><strong>\u00c7\u0131t \u00c7\u0131t Sa\u00e7 <\/strong><\/h2>\n\n\n\n<p><strong>\u00c7\u0131t \u00c7\u0131t Sa\u00e7<\/strong> Modelleri birbirinden farkl\u0131 modellerde olabildi\u011fi gibi sade ve gramaj\u0131 sa\u00e7 uzunlu\u011funa g\u00f6re Ucuz <strong>\u00c7\u0131t \u00c7\u0131t Fiyatlar\u0131<\/strong> piyasada mevcuttur.  <\/p>\n\n\n\n<div class=\"wp-block-image\"><figure class=\"aligncenter\"><a href=\"https:\/\/web.archive.org\/web\/20170113054531\/http:\/\/www.citcitfiyatlari.net\/wp-content\/uploads\/2010\/10\/sac-kaynak-modelleri-10.jpg\" rel=\"wp-prettyPhoto[28]\"><img decoding=\"async\" src=\"https:\/\/web.archive.org\/web\/20170113054531im_\/http:\/\/www.citcitfiyatlari.net\/wp-content\/uploads\/2010\/10\/sac-kaynak-modelleri-10.jpg\" alt=\"SACH \u00c7\u0131t \u00c7\u0131t Sa\u00e7\" class=\"wp-image-221\"\/><\/a><figcaption>SACH \u00c7\u0131t \u00c7\u0131t Sa\u00e7<\/figcaption><\/figure><\/div>\n\n\n\n<p>Ger\u00e7ek \u0130nsan Sa\u00e7\u0131 Kaliteli <strong><a href=\"http:\/\/www.citcitfiyatlari.net\/cit-cit\">\u00c7\u0131t \u00c7\u0131t<\/a><\/strong> ve <strong>Sa\u00e7 Kaynak<\/strong> \u00c7e\u015fitleri <strong>Boncuk kaynak<\/strong>, <strong>Keratin Kaynak<\/strong>, <strong>Halka Sa\u00e7 Kayna\u011f\u0131<\/strong>, <strong>Takma Kahk\u00fcl<\/strong>, <strong>Yar\u0131mAy Posti\u015f<\/strong> ne olursa olsun belli kalite standartlar\u0131na sahip olmas\u0131 gerekmektedir. Ar\u015fat\u0131rd\u0131\u011f\u0131n\u0131z \u00c7\u0131t \u00c7\u0131t Sa\u00e7lar\u0131n standart olarak olmas\u0131 gereken de\u011fer \u00f6zellikleri \u015f\u00f6yle olmal\u0131.<\/p>\n\n\n\n<ul class=\"wp-block-list\"><li><strong>\u00c7\u0131t \u00c7\u0131t Sa\u00e7<\/strong> ortalama bir ki\u015fi i\u00e7in <strong>150Gr<\/strong> Olmal\u0131 sa\u00e7 yo\u011funlu\u011fu fazla yada daha az olan ki\u015filerde gramaj 200gr a kadar \u00e7\u0131kabilir.<\/li><li>Uzunlu\u011fu elbette ki\u015fisel zevklere g\u00f6re \u00e7ok uzun yada k\u0131sa olabilir fakat <strong>\u00e7\u0131t \u00e7\u0131t fiyarlar\u0131n\u0131<\/strong> ara\u015ft\u0131r\u0131rken baz alman\u0131z gereken uzunluk <strong>65Cm <\/strong>dir.<\/li><li>\u00c7\u0131t \u00c7\u0131t Sa\u00e7lar ideal olarak sekiz par\u00e7ad\u0131r. Sekiz par\u00e7a \u00e7\u0131t \u00e7\u0131t sa\u00e7 \ninsan ba\u015f\u0131nda \u00f6rnek modelde g\u00f6sterildi\u011fi gibidir. Bu uygulamay\u0131 siz daha\n s\u0131k aral\u0131klarla&nbsp; takarak daha fazla yada saha seyrek aral\u0131klarla \ntakarak daha az \u00e7\u0131t \u00e7\u0131t takabilirisiniz.\n<a href=\"https:\/\/web.archive.org\/web\/20170113054531\/http:\/\/www.citcitfiyatlari.net\/wp-content\/uploads\/2010\/10\/cit-cit-sac-yerlesimi.jpg\" rel=\"wp-prettyPhoto[28]\"><\/a>\u00c7\u0131t \u00c7\u0131t Sa\u00e7 Nas\u0131l Tak\u0131l\u0131r\n1. Par\u00e7ay\u0131 en alta. 2. ve daha uzun par\u00e7ay\u0131 bir \u00fcst s\u0131raya. 3 ve 4. \npar\u00e7ay\u0131 yanyana 3 s\u0131raya . 5 ve 6. par\u00e7ay\u0131 \u00fcst \u00fcste 7 ve 8. par\u00e7ay\u0131 \nyanlara takarak \u00e7\u0131t \u00e7\u0131t takma i\u015flemini tamamlan\u0131r.<\/li><\/ul>\n\n\n\n<p>\u00c7\u0131t\u00c7\u0131t Sipari\u015fi i\u00e7in SACH marka \u00c7\u0131t\u00c7\u0131t \u00dcreticisinin Garantili 100% Do\u011fal Sa\u00e7alar\u0131n\u0131 G\u00fcvenle kullanabilirisniz.<\/p>\n\n\n\n<p><strong>\u00c7\u0131t \u00c7\u0131tSa\u00e7<\/strong> tak\u0131mlar\u0131 hayat\u0131m\u0131za giren en pratik ve kullan\u0131\u015fl\u0131 <strong>sa\u00e7 kaynak<\/strong> sistemlerine alternatif <strong>sa\u00e7 uzatma<\/strong> ve yo\u011funla\u015ft\u0131rma sistemidir, <strong>\u00c7\u0131t \u00c7\u0131t Sa\u00e7 Modelleri<\/strong> farkl\u0131 boy,renk ve \u015fekilde olabilir.<\/p>\n\n\n\n<div class=\"wp-block-image\"><figure class=\"aligncenter\"><a href=\"https:\/\/web.archive.org\/web\/20170113054531\/http:\/\/www.citcitfiyatlari.net\/wp-content\/uploads\/2010\/10\/sac-kaynak-modelleri-8.jpg\" rel=\"wp-prettyPhoto[28]\"><img decoding=\"async\" src=\"https:\/\/web.archive.org\/web\/20170113054531im_\/http:\/\/www.citcitfiyatlari.net\/wp-content\/uploads\/2010\/10\/sac-kaynak-modelleri-8.jpg\" alt=\"Sach \u00c7\u0131t \u00c7\u0131t Sa\u00e7 Modelleri\" class=\"wp-image-60\"\/><\/a><figcaption> Sach \u00c7\u0131t \u00c7\u0131t Sa\u00e7 Modelleri <\/figcaption><\/figure><\/div>\n\n\n\n<p><strong>\u00c7\u0131t \u00c7\u0131t Sa\u00e7lar<\/strong> imalat a\u015famas\u0131nda <strong>Yar\u0131mAy \u00c7\u0131t \u00c7\u0131t<\/strong> yada genel olarak bilindik \u015fekliyle 1 cm lik ekstrafor \u015feritler \u00fczerine dikilen <strong>Tress<\/strong>\u2018lenmi\u015f sa\u00e7lar\u0131n 3 yada<\/p>\n\n\n\n<p>4 s\u0131ra halinde \u00f6zel diki\u015f makineleri ile dikilmesi ile yap\u0131lmaktad\u0131r.\n Ekstrafor \u015feritlerin \u00fczerine dikilmi\u015f olan tress\u2019li sa\u00e7lar 7.cm 10cm ve\n 14cm lik bu \u00f6l\u00e7\u00fcler standart olmay\u0131p ki\u015fiye \u00f6zel haz\u0131rlanabilmektedir. \nEn uzun \u00e7\u0131t \u00e7\u0131t sa\u00e7 par\u00e7as\u0131n\u0131n \u00fczerine 3 adet \u00e7\u0131t \u00e7\u0131t ad\u0131 verilen \nclips\u2019ler dikilmektedir.&nbsp; <strong>\u00c7\u0131t \u00c7\u0131t Sa\u00e7<\/strong> Tak\u0131mlar\u0131n\u0131n rengine g\u00f6re Clips renkleri de de\u011fi\u015fmektedir.<\/p>\n","protected":false},"excerpt":{"rendered":"<p>\u00c7\u0131t \u00c7\u0131t Sa\u00e7 \u00c7\u0131t \u00c7\u0131t Sa\u00e7 Modelleri birbirinden farkl\u0131 modellerde olabildi\u011fi gibi sade ve gramaj\u0131 sa\u00e7 uzunlu\u011funa g\u00f6re Ucuz \u00c7\u0131t \u00c7\u0131t Fiyatlar\u0131 piyasada mevcuttur. Ger\u00e7ek \u0130nsan Sa\u00e7\u0131 Kaliteli \u00c7\u0131t \u00c7\u0131t ve Sa\u00e7 Kaynak \u00c7e\u015fitleri Boncuk kaynak, Keratin Kaynak, Halka Sa\u00e7 Kayna\u011f\u0131, Takma Kahk\u00fcl, Yar\u0131mAy Posti\u015f ne olursa<\/p>\n","protected":false},"author":1,"featured_media":0,"parent":0,"menu_order":0,"comment_status":"closed","ping_status":"closed","template":"","meta":{"footnotes":""},"class_list":["post-28","page","type-page","status-publish","hentry"],"_links":{"self":[{"href":"http:\/\/citcitfiyatlari.net\/index.php\/wp-json\/wp\/v2\/pages\/28","targetHints":{"allow":["GET"]}}],"collection":[{"href":"http:\/\/citcitfiyatlari.net\/index.php\/wp-json\/wp\/v2\/pages"}],"about":[{"href":"http:\/\/citcitfiyatlari.net\/index.php\/wp-json\/wp\/v2\/types\/page"}],"author":[{"embeddable":true,"href":"http:\/\/citcitfiyatlari.net\/index.php\/wp-json\/wp\/v2\/users\/1"}],"replies":[{"embeddable":true,"href":"http:\/\/citcitfiyatlari.net\/index.php\/wp-json\/wp\/v2\/comments?post=28"}],"version-history":[{"count":2,"href":"http:\/\/citcitfiyatlari.net\/index.php\/wp-json\/wp\/v2\/pages\/28\/revisions"}],"predecessor-version":[{"id":79,"href":"http:\/\/citcitfiyatlari.net\/index.php\/wp-json\/wp\/v2\/pages\/28\/revisions\/79"}],"wp:attachment":[{"href":"http:\/\/citcitfiyatlari.net\/index.php\/wp-json\/wp\/v2\/media?parent=28"}],"curies":[{"name":"wp","href":"https:\/\/api.w.org\/{rel}","templated":true}]}}